{"id":3502,"date":"2023-06-02T16:36:57","date_gmt":"2023-06-02T14:36:57","guid":{"rendered":"https:\/\/ddt21.noblogs.org\/?page_id=3502"},"modified":"2023-06-06T21:21:23","modified_gmt":"2023-06-06T19:21:23","slug":"retraites-resistances-et-defaites","status":"publish","type":"page","link":"https:\/\/ddt21.noblogs.org\/?page_id=3502","title":{"rendered":"Retraites, r\u00e9sistances et d\u00e9faites"},"content":{"rendered":"<h3><a href=\"https:\/\/ddt21.noblogs.org\/files\/2023\/06\/Retraites-resistances-et-defaites-01.jpg\"><img loading=\"lazy\" decoding=\"async\" class=\"alignleft size-full wp-image-3509\" src=\"https:\/\/ddt21.noblogs.org\/files\/2023\/06\/Retraites-resistances-et-defaites-01.jpg\" alt=\"\" width=\"690\" height=\"403\" srcset=\"https:\/\/ddt21.noblogs.org\/files\/2023\/06\/Retraites-resistances-et-defaites-01.jpg 690w, https:\/\/ddt21.noblogs.org\/files\/2023\/06\/Retraites-resistances-et-defaites-01-300x175.jpg 300w\" sizes=\"auto, (max-width: 690px) 100vw, 690px\" \/><\/a><\/h3>\n<h3><\/h3>\n<h3><\/h3>\n<h3><\/h3>\n<h1><strong>Retraites, r\u00e9sistances et d\u00e9faites<\/strong><\/h1>\n<h3><strong>60, 62, 64&#8230;\u00a0?<\/strong><\/h3>\n<p align=\"JUSTIFY\"><span style=\"color: #000000\"><span style=\"font-family: Georgia, serif\"><span style=\"font-size: medium\">Comme les cong\u00e9s pay\u00e9s, la retraite, c\u2019est du salaire, <i>indirect<\/i>, dont l\u2019obtention comme le montant r\u00e9sultent de la relation entre salaire et profit. Elle ne d\u00e9pend pas du degr\u00e9 de la productivit\u00e9 du travail ou de la dur\u00e9e de l\u2019esp\u00e9rance de vie, mais d\u2019un rapport de force social et politique. Inutile d\u2019entrer dans une bataille de chiffres. En France, avant 1936, rejeter la revendication de cong\u00e9s pay\u00e9s semblait une \u00e9vidence pour les patrons\u00a0; ils avaient fait \u00ab\u00a0leurs\u00a0\u00bb comptes, et ne pouvaient tout de m\u00eame pas payer les ouvriers \u00e0 \u00ab\u00a0ne rien faire\u00a0\u00bb\u00a0! En Juin 36, les salari\u00e9s ont obtenu deux semaines de vacances socialement pay\u00e9es, puis trois, puis quatre, parfois davantage. Et si la situation varie \u00e9norm\u00e9ment entre des pays industriels pourtant de niveau \u00e9conomique similaire, cela est d\u00fb \u00e0 la force ou \u00e0 la faiblesse des luttes que les salari\u00e9s ont pu mener pour am\u00e9liorer leur sort&#8230; et ensuite pr\u00e9server ce qu\u2019ils ont obtenu. <\/span><\/span><\/span><\/p>\n<p align=\"JUSTIFY\"><span style=\"color: #000000\"><span style=\"font-family: Georgia, serif\"><span style=\"font-size: medium\">En France, depuis une trentaine d\u2019ann\u00e9es, gouvernements de droite comme de gauche sont progressivement revenus \u2013 souvent avec le soutien d\u2019une partie des syndicats \u2013 sur la retraite \u00e0 60 ans accord\u00e9e en 1981. Quoique le slogan majoritaire des cort\u00e8ges de 2023 soit \u00ab\u00a0la retraite \u00e0 60 ans\u00a0\u00bb (mais peut-on s\u00e9rieusement y croire\u00a0?), la mobilisation contre le report de l&rsquo;\u00e2ge de d\u00e9part \u00e0 64 ans vise \u00e0 pr\u00e9server une situation d\u00e9j\u00e0 d\u00e9grad\u00e9e.<\/span><\/span><\/span><\/p>\n<p align=\"JUSTIFY\"><span style=\"color: #000000\"><span style=\"font-family: Georgia, serif\"><span style=\"font-size: medium\">Pourtant, \u00ab\u00a0<i>le r\u00e9gime g\u00e9n\u00e9ral des retraites n\u2019est pas d\u00e9ficitaire, il est m\u00eame exc\u00e9dentaire de quelques milliards, et <\/i>[&#8230;]<i> d\u2019un point de vue strictement comptable, sa r\u00e9forme n\u2019est pas urgente. Selon les estimations retenues par le gouvernement, le r\u00e9gime g\u00e9n\u00e9ral entrera en d\u00e9s\u00e9quilibre dans quelques ann\u00e9es, avec un d\u00e9ficit estim\u00e9 \u00e0 une quinzaine de milliards en 2035 \u2013 un \u00ab\u00a0trou\u00a0\u00bb qu\u2019une hausse des cotisations de 0,1\u00a0% sur l\u2019ensemble des salaires suffirait \u00e0 combler<\/i>\u00a0\u00bb. (Lato Cattivo\u00a0: r\u00e9f\u00e9rence dans la rubrique \u00ab\u00a0\u00c0 lire\u00a0\u00bb)<\/span><\/span><\/span><\/p>\n<p align=\"JUSTIFY\"><span style=\"color: #000000\"><span style=\"font-family: Georgia, serif\"><span style=\"font-size: medium\">Mais la bourgeoisie ne consent \u00e0 des concessions aux prol\u00e9taires que lorsqu\u2019elle y est forc\u00e9e et qu&rsquo;il y a <i>assez<\/i> \u00e0 partager (c&rsquo;est-\u00e0-dire lorsqu&rsquo;il y en a <i>beaucoup<\/i> pour elle), comme au temps du compromis social des \u00ab\u00a0Trente Glorieuses\u00a0\u00bb ou des pouss\u00e9es revendicatives des ann\u00e9es 1960 et 1970. Quand ce n\u2019est plus le cas, la classe dominante s\u2019efforce de pousser son avantage le plus possible, que ce soit pour ses int\u00e9r\u00eats imm\u00e9diats ou pour satisfaire les march\u00e9s financiers et les investisseurs, \u00e9trangers en particulier, qui appr\u00e9cient les travailleurs soumis, de gr\u00e9 ou de force.<\/span><\/span><\/span><\/p>\n<h3 align=\"JUSTIFY\"><strong>Explosion\u00a0?<\/strong><\/h3>\n<p align=\"JUSTIFY\"><span style=\"color: #000000\"><span style=\"font-family: Georgia, serif\"><span style=\"font-size: medium\">Dans la manif, quand le responsable syndical d\u00e9clare que \u00ab\u00a0la situation devient explosive\u00a0\u00bb, la foule applaudit, et en ch\u0153ur crie\u00a0: \u00ab\u00a0\u00c7a va p\u00e9ter\u00a0!\u00a0\u00bb. Mais ce m\u00eame discours, adress\u00e9 au gouvernement, est moins une menace qu\u2019une mise en garde\u00a0: les syndicats invitent l\u2019\u00c9tat \u00e0 se faire conciliant pour \u00e9viter, sinon une \u00e9ventuelle \u00e9ruption sociale, en tout cas le d\u00e9veloppement de pratiques risquant d\u2019\u00e9chapper \u00e0 leur contr\u00f4le.<\/span><\/span><\/span><\/p>\n<p align=\"JUSTIFY\"><span style=\"color: #000000\"><span style=\"font-family: Georgia, serif\"><span style=\"font-size: medium\">Or, depuis janvier 2023, les syndicats n\u2019ont pas perdu dans les entreprises une ma\u00eetrise que rien ne semble d&rsquo;ailleurs avoir menac\u00e9e. En politique, les partis de gauche (\u00ab\u00a0extr\u00eame\u00a0\u00bb comme mod\u00e9r\u00e9e) se pr\u00e9sentent comme la seule force capable de r\u00e9unifier une nation divis\u00e9e et, au passage, de r\u00e9concilier police et population. Les m\u00e9diateurs sociaux n&rsquo;ont aucun mal \u00e0 g\u00e9rer l&rsquo;expression d&rsquo;une profonde col\u00e8re populaire, tant il est vrai qu&rsquo;elle reste dans les profondeurs, n&rsquo;\u00e9merge gu\u00e8re et n&rsquo;a pas d\u2019impact r\u00e9el. \u00c0 elles seules, des vagues de m\u00e9contentement ne font pas l\u2019histoire, et les appels (ou les appels \u00e0 un appel) \u00e0 une gr\u00e8ve g\u00e9n\u00e9rale rel\u00e8vent surtout de l\u2019incantation. D\u2019ailleurs, les gr\u00e8ves g\u00e9n\u00e9rales lanc\u00e9es par les syndicats ont souvent connu l\u2019\u00e9chec\u00a0: en France en 1906 (pour la journ\u00e9e de 8 heures) et 1938 (contre la remise en cause des acquis de Juin 36). Celles qui ont marqu\u00e9 leur \u00e9poque et obtenu des \u00ab\u00a0conqu\u00eates sociales\u00a0\u00bb (1936 et 1968) se sont d\u00e9clench\u00e9es et se sont propag\u00e9es <i>\u00e0 l\u2019initiative de la base<\/i>\u00a0: les syndicats se sont content\u00e9s de les suivre, avant de parvenir, parfois difficilement, \u00e0 les encadrer, puis \u00e0 les arr\u00eater. En 2023, existe un front syndical provisoirement uni, align\u00e9 sur les positions du plus mod\u00e9r\u00e9, et aucune organisation n\u2019envisage de gr\u00e8ve longue, \u00e0 un r\u00e9el bras de fer pr\u00e9f\u00e9rant une succession de \u00ab\u00a0journ\u00e9es d\u2019action\u00a0\u00bb sans lendemain, sans volont\u00e9 ou capacit\u00e9 de bloquer l\u2019\u00e9conomie. Quant \u00e0 s\u2019aventurer dans une gr\u00e8ve g\u00e9n\u00e9rale, les syndicats s\u2019en gardent bien, craignant de d\u00e9voiler leur faiblesse en cas de d\u00e9faite et, au moins autant, d\u2019en perdre le contr\u00f4le en cas de succ\u00e8s. Il ne s&rsquo;agit que de se faire entendre.<\/span><\/span><\/span><\/p>\n<p align=\"JUSTIFY\"><span style=\"color: #000000\"><span style=\"font-family: Georgia, serif\"><span style=\"font-size: medium\">Comme en 1995, comme en 2003, comme en 2010, les manifs sont nombreuses, rassemblant \u2013 y compris dans de petites villes \u2013 des foules rarement r\u00e9unies, mais, en gros, c\u2019est \u00ab\u00a0le peuple de gauche\u00a0\u00bb qui d\u00e9file et qui, pour l\u2019essentiel, s\u2019en tient l\u00e0. Sortir dans la rue, pour les orphelins d\u2019une \u00ab\u00a0vraie gauche\u00a0\u00bb, c\u2019est certainement davantage \u00ab\u00a0agir \u00bb que d\u00e9poser son bulletin dans une urne, mais la diff\u00e9rence est-elle si grande\u00a0? Globalement, malgr\u00e9 de rares \u00ab\u00a0d\u00e9bordements\u00a0\u00bb, le mouvement d&rsquo;opposition au report \u00e0 64 ans respecte la loi et l\u2019ordre, et surtout atteint tr\u00e8s marginalement la marche dite normale de l\u2019\u2019\u00e9conomie.<\/span><\/span><\/span><\/p>\n<p align=\"JUSTIFY\"><span style=\"color: #000000\"><span style=\"font-family: Georgia, serif\"><span style=\"font-size: medium\">En ao\u00fbt 1953, une gr\u00e8ve massive des services publics, des entreprises nationalis\u00e9es et d\u2019une partie du secteur priv\u00e9 met en \u00e9chec le projet gouvernemental de reculer de 2 ans l&rsquo;\u00e2ge de d\u00e9part en retraite des fonctionnaires (alors fix\u00e9 \u00e0 65 ans).<\/span><\/span><\/span><\/p>\n<p align=\"JUSTIFY\"><span style=\"color: #000000\"><span style=\"font-family: Georgia, serif\"><span style=\"font-size: medium\">Pour nous limiter \u00e0 un secteur-cl\u00e9, en 1995, trois semaines de gr\u00e8ve des cheminots (accompagn\u00e9es de gr\u00e8ves dans d\u2019autres secteurs) obligent l\u2019\u00c9tat \u00e0 abandonner une partie du Plan Jupp\u00e9 (fin des r\u00e9gimes sp\u00e9ciaux et augmentation de la dur\u00e9e de cotisation pour les fonctionnaires). Faute de trains, une partie de l\u2019\u00e9conomie fran\u00e7aise s\u2019\u00e9tait retrouv\u00e9e paralys\u00e9e pendant pr\u00e8s d\u2019un mois. Vingt-deux ans plus tard, dans une SNCF ouverte \u00e0 la concurrence et d\u00e9coup\u00e9e en des centaines de soci\u00e9t\u00e9s et filiales, la mobilisation \u00ab\u00a0tournante\u00a0\u00bb du personnel (une trentaine d\u2019arr\u00eats de travail d\u2019avril \u00e0 juin 2017) est peu suivie d\u2019effets. En 2023, les cheminots se limitent \u00e0 des journ\u00e9es ponctuelles et \u00e0 de rares actions. <\/span><\/span><\/span><\/p>\n<p align=\"JUSTIFY\"><span style=\"color: #000000\"><span style=\"font-family: Georgia, serif\"><span style=\"font-size: medium\">La principale pression que peut exercer le travail sur le capital passe par l\u2019arr\u00eat de travail, surtout aux points vitaux de production et de circulation (\u00e9nergie, transports&#8230;). En 2023, il y a des gr\u00e8ves et il y en a peu. Le mouvement social s\u2019en remet \u00e0 des professionnels de la n\u00e9gociation priv\u00e9s de levier.<\/span><\/span><\/span><\/p>\n<h3 align=\"JUSTIFY\"><strong>Peuple cherche d\u00e9mocratie<\/strong><\/h3>\n<p align=\"JUSTIFY\"><span style=\"color: #000000\"><span style=\"font-family: Georgia, serif\"><span style=\"font-size: medium\">La d\u00e9mocratie parlementaire d\u00e9place les contradictions sociales sur un terrain o\u00f9 l\u2019on fait comme s\u2019il n\u2019y avait ni prol\u00e9taires ni bourgeois, seulement des citoyens repr\u00e9sent\u00e9s par leurs \u00e9lus, terrain o\u00f9 ces contradictions sont pacifi\u00e9es, trait\u00e9es et plus ou moins r\u00e9solues. La force d\u2019un tel syst\u00e8me n\u2019est pas de se donner une majorit\u00e9, mais des minorit\u00e9s qui la respectent. Aujourd\u2019hui, ceux qui d\u00e9filent (et parfois m\u00eame font gr\u00e8ve) consid\u00e8rent avant tout leur action comme une pression sur cette sph\u00e8re de conciliation des conflits. Or il n\u2019existe actuellement au Parlement aucun relais politique capable d\u2019exprimer les revendications de la rue et, sinon de les faire aboutir, d\u2019arracher au moins un statu quo. Alors, faute d\u2019un nombre suffisant de d\u00e9put\u00e9s, on se rabat sur l&rsquo;espoir d\u2019un r\u00e9f\u00e9rendum. Double illusion. D\u2019une part, une r\u00e9ponse \u00ab\u00a0oui\u00a0\u00bb ou \u00ab\u00a0non\u00a0\u00bb est inadapt\u00e9e \u00e0 la question des retraites. S\u2019accorder sur un \u00e2ge de d\u00e9part ne suffit pas\u00a0: restent \u00e0 d\u00e9cider taux, dur\u00e9e de cotisation, cas particuliers, etc. D\u2019autre part, si un sujet est essentiel, la classe dirigeante ne se sent pas oblig\u00e9e de tenir compte d\u2019un scrutin dont le r\u00e9sultat ne lui convient pas : en 2005, lorsque Fran\u00e7ais et N\u00e9erlandais ont refus\u00e9 le Trait\u00e9 constitutionnel, il a simplement \u00e9t\u00e9 remplac\u00e9 par un \u00e9quivalent, cette fois soumis seulement aux voix des parlementaires.<\/span><\/span><\/span><\/p>\n<p align=\"JUSTIFY\"><span style=\"color: #000000\"><span style=\"font-family: Georgia, serif\"><span style=\"font-size: medium\">Pourtant, quoi qu\u2019elle fasse, la d\u00e9mocratie passe pour \u00e9ternellement perfectible. Apr\u00e8s s\u2019\u00eatre adress\u00e9 aux d\u00e9put\u00e9s, puis au Conseil constitutionnel,\u00e0 nouveau aux d\u00e9put\u00e9s, esp\u00e8re-t-on le salut des futures \u00e9ch\u00e9ances \u00e9lectorales de 2027\u00a0? Les Gilets Jaunes occupaient la ville, y compris des lieux peu habitu\u00e9s \u00e0 la r\u00e9volte sociale (Champs-\u00c9lys\u00e9es et \u00ab\u00a0beaux quartiers\u00a0\u00bb), ne reculant pas devant la violence, mais, eux aussi, dans le but de <i>se faire entendre<\/i>, et au fil des actions leur discours a peu \u00e9volu\u00e9. Celui des manifestants de 2023 non plus\u00a0: apr\u00e8s plusieurs mois, l\u2019objectif reste d\u2019\u00eatre \u00e9cout\u00e9 par ceux qu\u2019ils continuent \u00e0 consid\u00e9rer comme des repr\u00e9sentants auxquels ils reprochent de faire mauvais usage du pouvoir qui leur a \u00e9t\u00e9 conf\u00e9r\u00e9 par l\u2019\u00e9lection.<\/span><\/span><\/span><\/p>\n<h3 align=\"JUSTIFY\"><strong>\u00ab\u00a0Ne pas perdre sa vie \u00e0 la gagner\u00a0\u00bb<\/strong><\/h3>\n<p align=\"JUSTIFY\"><span style=\"color: #000000\"><span style=\"font-family: Georgia, serif\"><span style=\"font-size: medium\">Ce slogan des ann\u00e9es 1960 et 1970 exprimait bien s\u00fbr l\u2019exigence d\u2019avoir \u00ab\u00a0du temps pour vivre\u00a0\u00bb (horaires r\u00e9duits, cong\u00e9s pay\u00e9s, etc.), mais elle ouvrait aussi \u00e0 une remise en cause de ce qu\u2019est le travail, c\u2019est-\u00e0-dire dans nos soci\u00e9t\u00e9s <i>le travail salari\u00e9<\/i>.<\/span><\/span><\/span><\/p>\n<p align=\"JUSTIFY\"><span style=\"color: #000000\"><span style=\"font-family: Georgia, serif\"><span style=\"font-size: medium\">Que pour manger et s\u2019abriter de la pluie, il faille produire nourriture et habitation, c\u2019est \u00e9vident, mais <i>le travail<\/i> n\u2019est pas simplement une activit\u00e9 productive. Se salarier, c\u2019est devoir donner une partie de son temps de vie en \u00e9change de l\u2019argent qui permet de vivre le reste du temps. Apr\u00e8s les heures pass\u00e9es \u00e0 l\u2019atelier, au bureau, au volant d\u2019un autobus, etc., voire \u00e0 domicile \u00ab\u00a0en distanciel\u00a0\u00bb, le salari\u00e9 est suppos\u00e9 ensuite \u00eatre libre de profiter de l\u2019argent qu\u2019il a gagn\u00e9. Le travail, c\u2019est la s\u00e9paration de l\u2019activit\u00e9 productive du reste de la vie, et sa r\u00e9duction \u00e0 un gagne-pain. Travail, loisirs, ch\u00f4mage, vacances <i>et retraite<\/i> sont les r\u00e9alit\u00e9s sociales fondamentales du capitalisme. \u00ab\u00a0<i>L&rsquo;ouvrier est devenu une marchandise et c&rsquo;est une chance pour lui quand il arrive \u00e0 se placer.<\/i> [&#8230;] <i>Les nations ne sont que des ateliers de production. L&rsquo;homme est une machine \u00e0 consommer et \u00e0 produire ; la vie humaine est un capital\u00a0; les lois \u00e9conomiques r\u00e9gissent aveugl\u00e9ment le monde<\/i>.\u00a0\u00bb (Marx, <i>Manuscrits de 1844<\/i>) Aussi l&rsquo;id\u00e9e de \u00ab\u00a0ne plus perdre sa vie \u00e0 la gagner\u00a0\u00bb, certes port\u00e9e par une minorit\u00e9, mais une minorit\u00e9 dynamique, particuli\u00e8rement en Italie, tendait-elle \u00e0 une critique pratique du fondement des soci\u00e9t\u00e9s modernes.<\/span><\/span><\/span><\/p>\n<p align=\"JUSTIFY\"><span style=\"color: #000000\"><span style=\"font-family: Georgia, serif\"><span style=\"font-size: medium\">L\u2019enlisement des vagues de gr\u00e8ve et l&rsquo;\u00e9chec des actions dans la rue a emp\u00each\u00e9 cette tendance de s\u2019affirmer, et permis \u00e0 la bourgeoisie, avec l\u2019appui des forces syndicales et de gauche, de transformer ce qu\u2019une remise en cause pouvait porter de qualitatif en une demande purement quantitative. En France, au long du XX<sup>e<\/sup> si\u00e8cle, les prol\u00e9taires obtinrent \u00e0 plusieurs reprises <i>plus de temps<\/i> pour eux, puis, avec les d\u00e9faites revendicatives, de <i>moins en moins<\/i>.<\/span><\/span><\/span><\/p>\n<p align=\"JUSTIFY\"><span style=\"color: #000000\"><span style=\"font-family: Georgia, serif\"><span style=\"font-size: medium\">Contre ce recul, les \u00ab\u00a0<i>r\u00e9formes de la protection sociale, de la fiscalit\u00e9 ou du march\u00e9 du travail <\/i>[ont provoqu\u00e9]<i> les grands moments de coagulation du m\u00e9contentement non seulement des ouvriers et des employ\u00e9s, mais aussi des couches inf\u00e9rieures de la classe moyenne du secteur public et, dans une moindre mesure, du secteur priv\u00e9.<\/i>\u00a0\u00bb En 2023, \u00ab\u00a0<i>le d\u00e9passement de la \u00ab\u00a0gr\u00e8ve par procuration\u00a0\u00bb se pose bel et bien comme perspective d\u2019\u00e9largissement du mouvement. Pour autant, il ne suffit pas de proclamer un tel d\u00e9passement pour qu\u2019il se r\u00e9alise, et il n\u2019est pas imaginable non plus qu\u2019il se fasse d\u2019un seul coup, sans une phase de maturation caract\u00e9ris\u00e9e par des conflits sporadiques et in\u00e9vitablement tr\u00e8s circonscrits.<\/i>\u00a0\u00bb (Lato Cattivo)<\/span><\/span><\/span><\/p>\n<p align=\"JUSTIFY\"><span style=\"color: #000000\"><span style=\"font-family: Georgia, serif\"><span style=\"font-size: medium\">Pas plus que le mouvement des Gilets Jaunes, le sursaut d\u00e9clench\u00e9 en 2023 par une \u00e9ni\u00e8me atteinte au r\u00e9gime des retraites ne semble capable de mettre un coup d\u2019arr\u00eat \u00e0 une s\u00e9rie de d\u00e9faites entam\u00e9e depuis plusieurs d\u00e9cennies. Ces conditions rendent particuli\u00e8rement malais\u00e9e l&rsquo;amorce une critique de la condition salariale elle-m\u00eame.<\/span><\/span><\/span><\/p>\n<p align=\"CENTER\"><span style=\"color: #000000\"><span style=\"font-family: Georgia, serif\"><span style=\"font-size: medium\">* * *<\/span><\/span><\/span><\/p>\n<p align=\"JUSTIFY\"><span style=\"color: #000000\"><span style=\"font-family: Georgia, serif\"><span style=\"font-size: medium\">\u00c0 premi\u00e8re vue, la retraite est un des sujets les plus mobilisateurs. M\u00eame bien pay\u00e9s et exer\u00e7ant des m\u00e9tiers gratifiants et socialement reconnus, le prof de fac, l\u2019ing\u00e9nieure ou l\u2019informaticien ne seraient pas m\u00e9contents, vers la soixantaine, de profiter d\u2019un temps enfin libre, d\u2019autant qu\u2019ils b\u00e9n\u00e9ficient de retraites sup\u00e9rieures \u00e0 la moyenne.<\/span><\/span><\/span><\/p>\n<p align=\"JUSTIFY\"><span style=\"color: #000000\"><span style=\"font-family: Georgia, serif\"><span style=\"font-size: medium\">Mais l\u2019histoire se d\u00e9roule autrement.<\/span><\/span><\/span><\/p>\n<p align=\"JUSTIFY\"><span style=\"color: #000000\"><span style=\"font-family: Georgia, serif\"><span style=\"font-size: medium\">Pas plus que la mis\u00e8re ou la paup\u00e9risation ne suffisent \u00e0 d\u00e9clencher r\u00e9volte ou r\u00e9volution, ce ne sont pas seulement les int\u00e9r\u00eats mat\u00e9riels qui d\u00e9terminent les mouvements sociaux, mais une pratique collective faite \u00e0 la fois de conditions de vie, et d\u2019exp\u00e9riences de luttes pass\u00e9es et pr\u00e9sentes \u2013 o\u00f9 les \u00e9checs et les d\u00e9sillusions p\u00e8sent g\u00e9n\u00e9ralement plus lourd que les victoires.<\/span><\/span><\/span><\/p>\n<p style=\"text-align: right\" align=\"JUSTIFY\"><strong><span style=\"color: #000000\"><span style=\"font-family: Georgia, serif\"><span style=\"font-size: medium\">G.D., mai 2023<\/span><\/span><\/span><\/strong><\/p>\n<p align=\"JUSTIFY\">&#8212;&#8212;&#8212;&#8212;&#8212;&#8212;&#8212;&#8212;&#8212;-<\/p>\n<h3 align=\"JUSTIFY\"><strong>\u00c0 lire\u00a0:<\/strong><\/h3>\n<p align=\"JUSTIFY\"><strong><span style=\"color: #000000\"><span style=\"font-family: Georgia, serif\"><span style=\"font-size: medium\">1 \/ Une lecture n\u00e9cessaire sur la r\u00e9forme des retraites<\/span><\/span><\/span><\/strong><\/p>\n<p style=\"padding-left: 40px\" align=\"JUSTIFY\"><span style=\"color: #000000\"><span style=\"font-family: Georgia, serif\"><span style=\"font-size: medium\">Il Lato Cattivo, <a href=\"https:\/\/quatre.zone\/2023\/05\/17\/la-france-a-la-croisee-des-cheminsconsiderations-intempestives-sur-la-reforme-des-retraites\" target=\"_blank\" rel=\"noopener\"><em>L<\/em><i>a France \u00e0 la crois\u00e9e des chemins ? Consid\u00e9rations intempestives sur la r\u00e9forme des retraites<\/i><\/a>, mars 2023.<br \/>\nLa question des retraites y est analys\u00e9e par rapport \u00e0 l\u2019\u00e9volution du capitalisme en France (et en Europe), et de la pr\u00e9servation (ainsi que la remise en cause) des \u00e9quilibres sociaux et politiques.<\/span><\/span><\/span><\/p>\n<p align=\"JUSTIFY\"><strong><span style=\"color: #000000\"><span style=\"font-family: Georgia, serif\"><span style=\"font-size: medium\">2 \/ Pour une analyse g\u00e9n\u00e9rale de la p\u00e9riode<\/span><\/span><\/span><\/strong><\/p>\n<p style=\"padding-left: 40px\" align=\"JUSTIFY\"><span style=\"color: #000000\"><span style=\"font-family: Georgia, serif\"><span style=\"font-size: medium\">Gilles Dauv\u00e9, Karl Nesic, <a href=\"https:\/\/troploin.fr\/node\/40\" target=\"_blank\" rel=\"noopener\"><i>Solidarit\u00e9s sans perspective et r\u00e9formisme sans programme<\/i><\/a>, 2003.<br \/>\n<\/span><\/span><\/span><\/p>\n<p style=\"padding-left: 40px\" align=\"JUSTIFY\"><span style=\"color: #000000\"><span style=\"font-family: Georgia, serif\"><span style=\"font-size: medium\">Karl Nesic, <\/span><\/span><\/span><a href=\"https:\/\/troploin.fr\/node\/18\" target=\"_blank\" rel=\"noopener\"><span style=\"color: #000000\"><span style=\"font-family: Georgia, serif\"><span style=\"font-size: medium\"><i>L\u2019Appel du vide<\/i><\/span><\/span><\/span><\/a><span style=\"color: #000000\"><span style=\"font-family: Georgia, serif\"><span style=\"font-size: medium\">, 2003.<\/span><\/span><\/span><\/p>\n<p style=\"padding-left: 40px\" align=\"JUSTIFY\">Gilles Dauv\u00e9, Karl Nesic, <span style=\"color: #000000\"><span style=\"font-family: Georgia, serif\"><span style=\"font-size: medium\"><i><\/i><a href=\"https:\/\/troploin.fr\/node\/35\" target=\"_blank\" rel=\"noopener\"><i>Sortie d\u2019usine<\/i><\/a>, 2010.<br \/>\n<\/span><\/span><\/span><\/p>\n<p align=\"JUSTIFY\"><strong><span style=\"color: #000000\"><span style=\"font-family: Georgia, serif\"><span style=\"font-size: medium\">3 \/ Sur les Gilets Jaunes<\/span><\/span><\/span><\/strong><\/p>\n<p style=\"padding-left: 40px\" align=\"JUSTIFY\"><span style=\"color: #000000\"><span style=\"font-family: Georgia, serif\"><span style=\"font-size: medium\">Tristan Leoni, <i><a href=\"https:\/\/entremonde.net\/sur-les-gilets-jaunes\" target=\"_blank\" rel=\"noopener\">Sur les Gilets Jaunes. Du trop de r\u00e9alit\u00e9<\/a>, <\/i>Entremonde, 2023, 220 p.<\/span><\/span><\/span><\/p>\n<p style=\"text-align: center\" align=\"JUSTIFY\" data-wp-editing=\"1\"><strong><a href=\"https:\/\/ddt21.noblogs.org\/files\/2023\/06\/Retraites-resistances-et-defaites-Copie.pdf\" target=\"_blank\" rel=\"noopener\"><img loading=\"lazy\" decoding=\"async\" class=\"aligncenter wp-image-2072\" src=\"https:\/\/ddt21.noblogs.org\/files\/2018\/07\/adobe-pdf-icon.png\" alt=\"\" width=\"50\" height=\"50\" srcset=\"https:\/\/ddt21.noblogs.org\/files\/2018\/07\/adobe-pdf-icon.png 250w, https:\/\/ddt21.noblogs.org\/files\/2018\/07\/adobe-pdf-icon-150x150.png 150w\" sizes=\"auto, (max-width: 50px) 100vw, 50px\" \/><\/a><a href=\"https:\/\/ddt21.noblogs.org\/files\/2023\/06\/Retraites-resistances-et-defaites-Copie.pdf\" target=\"_blank\" rel=\"noopener\">Cet article en PDF.<\/a><\/strong><\/p>\n","protected":false},"excerpt":{"rendered":"<p>Retraites, r\u00e9sistances et d\u00e9faites 60, 62, 64&#8230;\u00a0? Comme les cong\u00e9s pay\u00e9s, la retraite, c\u2019est du salaire, indirect, dont l\u2019obtention comme le montant r\u00e9sultent de la relation entre salaire et profit. Elle ne d\u00e9pend pas du degr\u00e9 de la productivit\u00e9 du &hellip; <a href=\"https:\/\/ddt21.noblogs.org\/?page_id=3502\">Continuer la lecture <span class=\"meta-nav\">&rarr;<\/span><\/a><\/p>\n","protected":false},"author":8284,"featured_media":0,"parent":41,"menu_order":0,"comment_status":"closed","ping_status":"closed","template":"","meta":{"footnotes":""},"class_list":["post-3502","page","type-page","status-publish","hentry"],"_links":{"self":[{"href":"https:\/\/ddt21.noblogs.org\/index.php?rest_route=\/wp\/v2\/pages\/3502","targetHints":{"allow":["GET"]}}],"collection":[{"href":"https:\/\/ddt21.noblogs.org\/index.php?rest_route=\/wp\/v2\/pages"}],"about":[{"href":"https:\/\/ddt21.noblogs.org\/index.php?rest_route=\/wp\/v2\/types\/page"}],"author":[{"embeddable":true,"href":"https:\/\/ddt21.noblogs.org\/index.php?rest_route=\/wp\/v2\/users\/8284"}],"replies":[{"embeddable":true,"href":"https:\/\/ddt21.noblogs.org\/index.php?rest_route=%2Fwp%2Fv2%2Fcomments&post=3502"}],"version-history":[{"count":9,"href":"https:\/\/ddt21.noblogs.org\/index.php?rest_route=\/wp\/v2\/pages\/3502\/revisions"}],"predecessor-version":[{"id":3518,"href":"https:\/\/ddt21.noblogs.org\/index.php?rest_route=\/wp\/v2\/pages\/3502\/revisions\/3518"}],"up":[{"embeddable":true,"href":"https:\/\/ddt21.noblogs.org\/index.php?rest_route=\/wp\/v2\/pages\/41"}],"wp:attachment":[{"href":"https:\/\/ddt21.noblogs.org\/index.php?rest_route=%2Fwp%2Fv2%2Fmedia&parent=3502"}],"curies":[{"name":"wp","href":"https:\/\/api.w.org\/{rel}","templated":true}]}}